{"id":2192,"date":"2020-01-19T14:33:52","date_gmt":"2020-01-19T13:33:52","guid":{"rendered":"http:\/\/doyennedeciney.be\/?page_id=2192"},"modified":"2026-04-24T17:00:34","modified_gmt":"2026-04-24T15:00:34","slug":"accueil","status":"publish","type":"page","link":"https:\/\/doyennedeciney.be\/","title":{"rendered":"Accueil"},"content":{"rendered":"<p>[et_pb_section fb_built=\u00a0\u00bb1&Prime; _builder_version=\u00a0\u00bb4.16&Prime; custom_padding=\u00a0\u00bb28px|||||\u00a0\u00bb global_colors_info=\u00a0\u00bb{}\u00a0\u00bb][et_pb_row _builder_version=\u00a0\u00bb4.27.0&Prime; _module_preset=\u00a0\u00bbdefault\u00a0\u00bb global_colors_info=\u00a0\u00bb{}\u00a0\u00bb][et_pb_column type=\u00a0\u00bb4_4&Prime; _builder_version=\u00a0\u00bb4.27.0&Prime; _module_preset=\u00a0\u00bbdefault\u00a0\u00bb global_colors_info=\u00a0\u00bb{}\u00a0\u00bb][et_pb_text _builder_version=\u00a0\u00bb4.27.6&Prime; _module_preset=\u00a0\u00bbdefault\u00a0\u00bb header_font=\u00a0\u00bbAverage|700|on||||||\u00a0\u00bb header_text_align=\u00a0\u00bbcenter\u00a0\u00bb header_text_color=\u00a0\u00bb#ffb600&Prime; header_font_size=\u00a0\u00bb61px\u00a0\u00bb header_text_shadow_style=\u00a0\u00bbpreset1&Prime; global_colors_info=\u00a0\u00bb{}\u00a0\u00bb]<\/p>\n<h1 style=\"text-align: center;\">Avril 2026<\/h1>\n<p>[\/et_pb_text][\/et_pb_column][\/et_pb_row][et_pb_row column_structure=\u00a0\u00bb1_3,2_3&Prime; disabled_on=\u00a0\u00bboff|off|off\u00a0\u00bb _builder_version=\u00a0\u00bb4.27.4&Prime; _module_preset=\u00a0\u00bbdefault\u00a0\u00bb global_colors_info=\u00a0\u00bb{}\u00a0\u00bb][et_pb_column type=\u00a0\u00bb1_3&Prime; _builder_version=\u00a0\u00bb4.16&Prime; _module_preset=\u00a0\u00bbdefault\u00a0\u00bb global_colors_info=\u00a0\u00bb{}\u00a0\u00bb][et_pb_image src=\u00a0\u00bbhttps:\/\/doyennedeciney.be\/wp-content\/uploads\/2026\/03\/Image1.png\u00a0\u00bb title_text=\u00a0\u00bbImage1&Prime; url=\u00a0\u00bbhttps:\/\/doyennedeciney.be\/wp-content\/uploads\/2026\/02\/Photo-eveque-collegiale.webp\u00a0\u00bb disabled_on=\u00a0\u00bbon|on|off\u00a0\u00bb _builder_version=\u00a0\u00bb4.27.6&Prime; _module_preset=\u00a0\u00bbdefault\u00a0\u00bb custom_margin=\u00a0\u00bb-84px|||6px|false|false\u00a0\u00bb custom_padding=\u00a0\u00bb88px||||false|false\u00a0\u00bb global_colors_info=\u00a0\u00bb{}\u00a0\u00bb][\/et_pb_image][et_pb_image src=\u00a0\u00bbhttps:\/\/doyennedeciney.be\/wp-content\/uploads\/2026\/03\/Image1.png\u00a0\u00bb title_text=\u00a0\u00bbImage1&Prime; url=\u00a0\u00bbhttps:\/\/doyennedeciney.be\/wp-content\/uploads\/2026\/02\/Photo-eveque-collegiale.webp\u00a0\u00bb disabled_on=\u00a0\u00bboff|off|on\u00a0\u00bb _builder_version=\u00a0\u00bb4.27.6&Prime; _module_preset=\u00a0\u00bbdefault\u00a0\u00bb custom_margin=\u00a0\u00bb-17px|1px||39px|false|false\u00a0\u00bb custom_padding=\u00a0\u00bb0px|14px|||false|false\u00a0\u00bb global_colors_info=\u00a0\u00bb{}\u00a0\u00bb][\/et_pb_image][\/et_pb_column][et_pb_column type=\u00a0\u00bb2_3&Prime; _builder_version=\u00a0\u00bb4.16&Prime; _module_preset=\u00a0\u00bbdefault\u00a0\u00bb global_colors_info=\u00a0\u00bb{}\u00a0\u00bb][et_pb_text content_tablet=\u00a0\u00bb<\/p>\n<h1 style=%22text-align: center;%22><strong>Janvier 2023<\/strong><\/h1>\n<p><strong><\/strong><\/p>\n<p><strong><\/strong><\/p>\n<h2><strong>\u00c9DITO<\/strong><\/h2>\n<p><strong><\/strong><\/p>\n<h3><strong>Rendre gr\u00e2ce : <em>Magnificat<\/em><\/strong><\/h3>\n<p><img data-attachment-id=\"5002\" data-permalink=\"https:\/\/doyennedeciney.be\/image1-3\/\" data-orig-file=\"https:\/\/i0.wp.com\/doyennedeciney.be\/wp-content\/uploads\/2022\/12\/Image1.jpg?fit=464%2C459&amp;ssl=1\" data-orig-size=\"464,459\" data-comments-opened=\"1\" data-image-meta=\"{&quot;aperture&quot;:&quot;0&quot;,&quot;credit&quot;:&quot;&quot;,&quot;camera&quot;:&quot;&quot;,&quot;caption&quot;:&quot;&quot;,&quot;created_timestamp&quot;:&quot;0&quot;,&quot;copyright&quot;:&quot;&quot;,&quot;focal_length&quot;:&quot;0&quot;,&quot;iso&quot;:&quot;0&quot;,&quot;shutter_speed&quot;:&quot;0&quot;,&quot;title&quot;:&quot;&quot;,&quot;orientation&quot;:&quot;0&quot;}\" data-image-title=\"Image1\" data-image-description=\"\" data-image-caption=\"\" data-large-file=\"https:\/\/i0.wp.com\/doyennedeciney.be\/wp-content\/uploads\/2022\/12\/Image1.jpg?fit=464%2C459&amp;ssl=1\" src=%22https:\/\/doyennedeciney.be\/wp-content\/uploads\/2022\/12\/Image1.jpg%22 width=%22257%22 height=%22254%22 alt=%22%22 class=%22wp-image-5002 aligncenter size-full%22 style=%22float: left;%22 \/>L\u2019\u00e9dito commence \u00e0 nouveau par un <em>Magnificat<\/em>. Au d\u00e9but de cette nouvelle ann\u00e9e, nous voulons nous inscrire dans l\u2019action de gr\u00e2ce de la Vierge Marie qui a \u00ab magnifi\u00e9 \u00bb le Seigneur pour son projet de mis\u00e9ricorde infinie dont elle a \u00e9t\u00e9 l\u2019humble servante. Pour notre part, nous voulons d\u2019abord rendre gr\u00e2ce pour la fondation de notre Unit\u00e9 pastorale <em>Marie Magnificat au c\u0153ur du Condroz <\/em>: que l\u2019Esprit de Dieu nous aide \u00e0 d\u00e9couvrir ce cadeau que Dieu nous a fait par le minist\u00e8re de notre \u00e9v\u00eaque, que l\u2019Esprit nous aide \u00e0 en vivre pour un nouveau dynamisme de nos diverses communaut\u00e9s paroissiales appel\u00e9es \u00e0 vivre de plus en plus en communion dans la grande communaut\u00e9 de notre Unit\u00e9, que l\u2019Esprit nous permette d\u2019\u00eatre vraiment signe de l\u2019amour de Dieu pour chaque personne ! Nous confions notre \u00e9quipe pastorale \u00e0 votre pri\u00e8re pour qu\u2019elle puisse accomplir le mieux possible la mission que notre \u00e9v\u00eaque lui a confi\u00e9e.<\/p>\n<p>Mais, en ce temps de No\u00ebl, nous voulons surtout rendre gr\u00e2ce pour le myst\u00e8re de No\u00ebl qui ne finit pas de nous surprendre et de nous bouleverser. En devenant homme, Dieu s\u2019est fait, de mani\u00e8re toute sp\u00e9ciale, l\u2019ami des hommes. Il s\u2019est fait proche de nous d\u2019une mani\u00e8re qui ne peut que nous \u00e9tonner ; lui, le Dieu infiniment grand, s\u2019est fait tout petit pour habiter nos histoires, pour habiter nos c\u0153urs. C\u2019est ainsi qu\u2019il est venu manifester qui il est et transfigurer nos vies : \u00ab Dieu s\u2019est fait homme pour que l\u2019homme devienne Dieu \u00bb, \u00e9crivait saint Ir\u00e9n\u00e9e ; Dieu s\u2019est incarn\u00e9 pour que nous puissions pleinement accomplir notre vocation humaine en plongeant dans l\u2019Amour trinitaire et y entra\u00eener toute l\u2019humanit\u00e9.<\/p>\n<h3><strong>\u00ab Garder le c\u0153ur ouvert \u00e0 l\u2019esp\u00e9rance \u00bb<\/strong><\/h3>\n<p>Dans son message pour le 1<sup>er<\/sup> janvier 2023, pour la 55<sup>\u00e8me<\/sup> journ\u00e9e mondiale de la paix, le Pape Fran\u00e7ois nous appelle \u00ab \u00e0 garder le c\u0153ur ouvert \u00e0 l&rsquo;esp\u00e9rance, en faisant confiance \u00e0 Dieu qui se rend pr\u00e9sent, nous accompagne avec tendresse, nous soutient dans notre fatigue et, surtout, guide notre chemin \u00bb. C\u2019est ainsi que le myst\u00e8re de No\u00ebl pourra transfigurer cette ann\u00e9e nouvelle. <strong>Sainte ann\u00e9e 2023 \u00e0 toutes et \u00e0 tous !<\/strong><\/p>\n<\/p>\n<p><strong style=%22text-align: center;%22><em><img src=%22https:\/\/doyennedeciney.be\/wp-content\/uploads\/2022\/05\/IMG-20220429-WA0007.jpg%22 width=%2263%22 height=%2278%22 alt=%22%22 class=%22wp-image-4661 aligncenter size-full%22 \/><\/em><\/strong><\/p>\n<p style=%22text-align: center;%22><strong><em>Abb\u00e9 Pascal-Marie Jerumanis, votre doyen.<\/em><\/strong><\/p>\n<p>\u00a0\u00bb content_phone=\u00a0\u00bb<\/p>\n<h1 style=%22text-align: center;%22><strong>Janvier 2023<\/strong><\/h1>\n<p><strong><\/strong><\/p>\n<p><strong><\/strong><\/p>\n<h2><strong>\u00c9DITO<\/strong><\/h2>\n<p><strong><\/strong><\/p>\n<h3><strong>Rendre gr\u00e2ce : <em>Magnificat<\/em><\/strong><\/h3>\n<p><img data-attachment-id=\"5002\" data-permalink=\"https:\/\/doyennedeciney.be\/image1-3\/\" data-orig-file=\"https:\/\/i0.wp.com\/doyennedeciney.be\/wp-content\/uploads\/2022\/12\/Image1.jpg?fit=464%2C459&amp;ssl=1\" data-orig-size=\"464,459\" data-comments-opened=\"1\" data-image-meta=\"{&quot;aperture&quot;:&quot;0&quot;,&quot;credit&quot;:&quot;&quot;,&quot;camera&quot;:&quot;&quot;,&quot;caption&quot;:&quot;&quot;,&quot;created_timestamp&quot;:&quot;0&quot;,&quot;copyright&quot;:&quot;&quot;,&quot;focal_length&quot;:&quot;0&quot;,&quot;iso&quot;:&quot;0&quot;,&quot;shutter_speed&quot;:&quot;0&quot;,&quot;title&quot;:&quot;&quot;,&quot;orientation&quot;:&quot;0&quot;}\" data-image-title=\"Image1\" data-image-description=\"\" data-image-caption=\"\" data-large-file=\"https:\/\/i0.wp.com\/doyennedeciney.be\/wp-content\/uploads\/2022\/12\/Image1.jpg?fit=464%2C459&amp;ssl=1\" src=%22https:\/\/doyennedeciney.be\/wp-content\/uploads\/2022\/12\/Image1.jpg%22 width=%22152%22 height=%22150%22 alt=%22%22 class=%22wp-image-5002 aligncenter size-full%22 style=%22float: left;%22 \/>L\u2019\u00e9dito commence \u00e0 nouveau par un <em>Magnificat<\/em>. Au d\u00e9but de cette nouvelle ann\u00e9e, nous voulons nous inscrire dans l\u2019action de gr\u00e2ce de la Vierge Marie qui a \u00ab magnifi\u00e9 \u00bb le Seigneur pour son projet de mis\u00e9ricorde infinie dont elle a \u00e9t\u00e9 l\u2019humble servante. Pour notre part, nous voulons d\u2019abord rendre gr\u00e2ce pour la fondation de notre Unit\u00e9 pastorale <em>Marie Magnificat au c\u0153ur du Condroz <\/em>: que l\u2019Esprit de Dieu nous aide \u00e0 d\u00e9couvrir ce cadeau que Dieu nous a fait par le minist\u00e8re de notre \u00e9v\u00eaque, que l\u2019Esprit nous aide \u00e0 en vivre pour un nouveau dynamisme de nos diverses communaut\u00e9s paroissiales appel\u00e9es \u00e0 vivre de plus en plus en communion dans la grande communaut\u00e9 de notre Unit\u00e9, que l\u2019Esprit nous permette d\u2019\u00eatre vraiment signe de l\u2019amour de Dieu pour chaque personne ! Nous confions notre \u00e9quipe pastorale \u00e0 votre pri\u00e8re pour qu\u2019elle puisse accomplir le mieux possible la mission que notre \u00e9v\u00eaque lui a confi\u00e9e.<\/p>\n<p>Mais, en ce temps de No\u00ebl, nous voulons surtout rendre gr\u00e2ce pour le myst\u00e8re de No\u00ebl qui ne finit pas de nous surprendre et de nous bouleverser. En devenant homme, Dieu s\u2019est fait, de mani\u00e8re toute sp\u00e9ciale, l\u2019ami des hommes. Il s\u2019est fait proche de nous d\u2019une mani\u00e8re qui ne peut que nous \u00e9tonner ; lui, le Dieu infiniment grand, s\u2019est fait tout petit pour habiter nos histoires, pour habiter nos c\u0153urs. C\u2019est ainsi qu\u2019il est venu manifester qui il est et transfigurer nos vies : \u00ab Dieu s\u2019est fait homme pour que l\u2019homme devienne Dieu \u00bb, \u00e9crivait saint Ir\u00e9n\u00e9e ; Dieu s\u2019est incarn\u00e9 pour que nous puissions pleinement accomplir notre vocation humaine en plongeant dans l\u2019Amour trinitaire et y entra\u00eener toute l\u2019humanit\u00e9.<\/p>\n<h3><strong>\u00ab Garder le c\u0153ur ouvert \u00e0 l\u2019esp\u00e9rance \u00bb<\/strong><\/h3>\n<p>Dans son message pour le 1<sup>er<\/sup> janvier 2023, pour la 55<sup>\u00e8me<\/sup> journ\u00e9e mondiale de la paix, le Pape Fran\u00e7ois nous appelle \u00ab \u00e0 garder le c\u0153ur ouvert \u00e0 l&rsquo;esp\u00e9rance, en faisant confiance \u00e0 Dieu qui se rend pr\u00e9sent, nous accompagne avec tendresse, nous soutient dans notre fatigue et, surtout, guide notre chemin \u00bb. C\u2019est ainsi que le myst\u00e8re de No\u00ebl pourra transfigurer cette ann\u00e9e nouvelle. <strong>Sainte ann\u00e9e 2023 \u00e0 toutes et \u00e0 tous !<\/strong><\/p>\n<\/p>\n<p><strong style=%22text-align: center;%22><em><img src=%22https:\/\/doyennedeciney.be\/wp-content\/uploads\/2022\/05\/IMG-20220429-WA0007.jpg%22 width=%2263%22 height=%2278%22 alt=%22%22 class=%22wp-image-4661 aligncenter size-full%22 \/><\/em><\/strong><\/p>\n<p style=%22text-align: center;%22><strong><em>Abb\u00e9 Pascal-Marie Jerumanis, votre doyen.<\/em><\/strong><\/p>\n<p>\u00a0\u00bb content_last_edited=\u00a0\u00bbon|desktop\u00a0\u00bb disabled_on=\u00a0\u00bboff|off|off\u00a0\u00bb _builder_version=\u00a0\u00bb4.27.6&Prime; _module_preset=\u00a0\u00bbdefault\u00a0\u00bb text_text_color=\u00a0\u00bb#000000&Prime; header_font=\u00a0\u00bb||||||||\u00a0\u00bb header_text_color=\u00a0\u00bb#E09900&Prime; header_font_size=\u00a0\u00bb53px\u00a0\u00bb header_2_font=\u00a0\u00bb||||||||\u00a0\u00bb header_2_text_color=\u00a0\u00bb#000000&Prime; header_2_font_size=\u00a0\u00bb24px\u00a0\u00bb header_3_font=\u00a0\u00bb|700|||||||\u00a0\u00bb header_3_text_color=\u00a0\u00bb#494949&Prime; header_3_font_size=\u00a0\u00bb18px\u00a0\u00bb header_text_shadow_style=\u00a0\u00bbpreset1&Prime; global_colors_info=\u00a0\u00bb{}\u00a0\u00bb]<\/p>\n<h2>\u00a0<strong>\u00c9DITO\u00a0<\/strong><\/h2>\n<p><strong><\/strong><\/p>\n<h3><strong>C\u00e9l\u00e9brer P\u00e2ques, c\u00e9l\u00e9brer chaque dimanche<\/strong><\/h3>\n<p><strong><\/strong><\/p>\n<p>Pour la foi chr\u00e9tienne, le temps est une dimension fondamentale\u00a0: Dieu a cr\u00e9\u00e9 le monde dans la dimension du temps et l\u2019histoire de la relation entre Dieu et l\u2019humanit\u00e9, entre Dieu et chacun de nous se d\u00e9roule dans le temps\u00a0; la venue du Fils de Dieu est m\u00eame situ\u00e9e \u00e0 \u00ab\u00a0la pl\u00e9nitude du temps\u00a0\u00bb et il reviendra \u00e0 la fin du temps. Pour le chr\u00e9tien, l\u2019existence terrestre du Christ est r\u00e9ellement le centre du temps qui a son sommet dans la r\u00e9surrection. Le Christ est m\u00eame le Seigneur du temps, son commencement et son ach\u00e8vement, l\u2019Alpha et l\u2019Omega. C\u2019est ce qui est inscrit sur le cierge pascal avec le chiffre de l\u2019ann\u00e9e en cours.<\/p>\n<p>La f\u00eate de P\u00e2ques c\u00e9l\u00e9br\u00e9e une fois par an, mais comm\u00e9mor\u00e9e chaque dimanche de l\u2019ann\u00e9e, est le sommet du centre du temps, ce sommet qui donne sens \u00e0 toute l\u2019histoire et l\u2019oriente vers son accomplissement\u00a0: le retour glorieux de notre Seigneur. D\u00e9sormais tout ce qui arrive dans le temps, tout ce qui arrivera jusqu\u2019\u00e0 la fin du monde n\u2019est qu\u2019une explicitation de ce qui est arriv\u00e9 le jour o\u00f9 le Christ mort sur la croix est ressuscit\u00e9 pour inaugurer les temps nouveaux. D\u00e9sormais tout est chang\u00e9, comme l\u2019\u00e9crit saint Jean Paul II\u00a0: <em>\u00ab\u00a0Non seulement l&rsquo;\u00c9glise mais aussi le cosmos lui-m\u00eame et l&rsquo;histoire sont continuellement dirig\u00e9s et guid\u00e9s par le Christ glorifi\u00e9. C&rsquo;est cette \u00e9nergie de vie qui pousse la cr\u00e9ation, qui \u2018g\u00e9mit et souffre en travail d&rsquo;enfantement\u2019 (<\/em>Rm<em>\u00a08,22), vers le but de sa r\u00e9demption compl\u00e8te.\u00a0\u00bb<\/em><\/p>\n<h3 style=\"text-align: right;\"><\/h3>\n<p>[\/et_pb_text][\/et_pb_column][\/et_pb_row][et_pb_row _builder_version=\u00a0\u00bb4.27.6&Prime; _module_preset=\u00a0\u00bbdefault\u00a0\u00bb global_colors_info=\u00a0\u00bb{}\u00a0\u00bb][et_pb_column type=\u00a0\u00bb4_4&Prime; _builder_version=\u00a0\u00bb4.27.6&Prime; _module_preset=\u00a0\u00bbdefault\u00a0\u00bb global_colors_info=\u00a0\u00bb{}\u00a0\u00bb][et_pb_text _builder_version=\u00a0\u00bb4.27.6&Prime; _module_preset=\u00a0\u00bbdefault\u00a0\u00bb text_text_color=\u00a0\u00bb#000000&Prime; global_colors_info=\u00a0\u00bb{}\u00a0\u00bb]<\/p>\n<p>Face aux bouleversements du monde ou de nos vies, face au d\u00e9r\u00e8glement climatique qui menace notre plan\u00e8te terre, nous pouvons \u00eatre d\u00e9sorient\u00e9s, nous pouvons perdre espoir\u00a0: o\u00f9 va-t-on, o\u00f9 est-ce que je vais\u00a0? La r\u00e9surrection du Christ porte d\u00e9sormais le temps du monde et de nos vies vers son accomplissement\u00a0: la puissance de la r\u00e9surrection agit dans l\u2019histoire, en d\u00e9pit de toutes les apparences. C\u2019est ce que nous c\u00e9l\u00e9brons chaque ann\u00e9e \u00e0 P\u00e2ques et chaque dimanche qui comm\u00e9more hebdomadairement la r\u00e9surrection du Christ. Saint Jean Paul II explique\u00a0: <em>\u00ab\u00a0Depuis le deuxi\u00e8me si\u00e8cle, la c\u00e9l\u00e9bration par des chr\u00e9tiens de la P\u00e2que annuelle, s&rsquo;ajoutant \u00e0 celle de la P\u00e2que hebdomadaire, a permis de donner une plus grande ampleur \u00e0 la m\u00e9ditation du myst\u00e8re du Christ mort et ressuscit\u00e9.\u00a0\u00bb<\/em><\/p>\n<p>Depuis notre bapt\u00eame, nous sommes intimement associ\u00e9 \u00e0 la r\u00e9surrection du Christ, nous vivons de sa vie nouvelle, nous sommes appel\u00e9s \u00e0 vivre d\u00e9j\u00e0 comme des ressuscit\u00e9s. Saint Paul \u00e9crivait aux chr\u00e9tiens de Colosses\u00a0: <em>\u00ab\u00a0Si donc vous \u00eates ressuscit\u00e9s avec le Christ, recherchez les r\u00e9alit\u00e9s d\u2019en haut\u00a0: c\u2019est l\u00e0 qu\u2019est le Christ, assis \u00e0 la droite de Dieu. Pensez aux r\u00e9alit\u00e9s d\u2019en haut, non \u00e0 celles de la terre. En effet, vous \u00eates pass\u00e9s par la mort, et votre vie reste cach\u00e9e avec le Christ en Dieu. Quand para\u00eetra le Christ, votre vie, alors vous aussi, vous para\u00eetrez avec lui dans la gloire\u00a0\u00bb<\/em> (Col 3,1-4).<\/p>\n<p>Il nous est bon parfois de regarder plus en profondeur l\u2019histoire du monde et notre histoire, regarder cela dans la perspective de P\u00e2ques et de chaque dimanche qui n\u2019est que la c\u00e9l\u00e9bration hebdomadaire de P\u00e2ques\u00a0: nous retrouvons alors le sens et la direction, nous raffermissons notre esp\u00e9rance qui peut \u00eatre tellement \u00e9prouv\u00e9e, nous nous renouvelons \u00e0 la source qui jaillit du Christ ressuscit\u00e9, le Seigneur du temps, son commencement et sa fin. Pendant tout le temps pascal qui s\u2019ach\u00e8ve avec le Pentec\u00f4te, nous pouvons tout sp\u00e9cialement boire \u00e0 cette source de vie, mais nous pouvons aussi red\u00e9couvrir chaque semaine le sens du dimanche o\u00f9 nous marquons hebdomadairement une pause pour accorder notre temps avec le centre du temps dont le sommet est la r\u00e9surrection du Christ qui transforme nos vies et la vie du monde. C\u00e9l\u00e9brer P\u00e2ques chaque ann\u00e9e et c\u00e9l\u00e9brer chaque dimanche, c\u2019est apprendre \u00e0 vivre dans la r\u00e9alit\u00e9 profonde du temps, \u00e0 accorder nos vies au temps de Dieu, et ne plus simplement vivoter en ne sachant pas o\u00f9 nous allons, en perdant peut-\u00eatre tout espoir. C\u2019est cela vivre en ressuscit\u00e9 en vivant de plus en plus de la r\u00e9surrection du Christ qui nous transforme dans sa vie, sa paix, sa joie, son amour.<\/p>\n<p><strong>Belle c\u00e9l\u00e9bration de P\u00e2ques et beau temps pascal\u00a0!<\/strong><\/p>\n<h3 style=\"text-align: right;\"><strong><em><\/em><\/strong><\/h3>\n<h3 style=\"text-align: right;\"><strong><em><\/em><\/strong><\/h3>\n<h3 style=\"text-align: right;\"><strong><em><\/em><\/strong><\/h3>\n<h3 style=\"text-align: right;\"><strong><em><\/em><\/strong><strong><em>Abb\u00e9 Pascal-Marie Jerumanis, votre doyen<\/em><\/strong><\/h3>\n<p>[\/et_pb_text][\/et_pb_column][\/et_pb_row][et_pb_row disabled_on=\u00a0\u00bbon|on|on\u00a0\u00bb _builder_version=\u00a0\u00bb4.27.0&Prime; _module_preset=\u00a0\u00bbdefault\u00a0\u00bb disabled=\u00a0\u00bbon\u00a0\u00bb global_colors_info=\u00a0\u00bb{}\u00a0\u00bb][et_pb_column type=\u00a0\u00bb4_4&Prime; _builder_version=\u00a0\u00bb4.19.0&Prime; _module_preset=\u00a0\u00bbdefault\u00a0\u00bb global_colors_info=\u00a0\u00bb{}\u00a0\u00bb][et_pb_divider divider_weight=\u00a0\u00bb10px\u00a0\u00bb _builder_version=\u00a0\u00bb4.19.0&Prime; _module_preset=\u00a0\u00bbdefault\u00a0\u00bb global_colors_info=\u00a0\u00bb{}\u00a0\u00bb][\/et_pb_divider][\/et_pb_column][\/et_pb_row][\/et_pb_section]<\/p>\n","protected":false},"excerpt":{"rendered":"<p>Avril 2026\u00a0\u00c9DITO\u00a0 C\u00e9l\u00e9brer P\u00e2ques, c\u00e9l\u00e9brer chaque dimanche Pour la foi chr\u00e9tienne, le temps est une dimension fondamentale\u00a0: Dieu a cr\u00e9\u00e9 le monde dans la dimension du temps et l\u2019histoire de la relation entre Dieu et l\u2019humanit\u00e9, entre Dieu et chacun de nous se d\u00e9roule dans le temps\u00a0; la venue du Fils de Dieu est m\u00eame situ\u00e9e \u00e0 \u00ab\u00a0la pl\u00e9nitude du temps\u00a0\u00bb et il reviendra \u00e0 la fin du temps. Pour le chr\u00e9tien, l\u2019existence terrestre du Christ est r\u00e9ellement le centre du temps qui a son sommet dans la r\u00e9surrection. Le Christ est m\u00eame le Seigneur du temps, son commencement et son ach\u00e8vement, l\u2019Alpha et l\u2019Omega. C\u2019est ce qui est inscrit sur le cierge pascal avec le chiffre de l\u2019ann\u00e9e en cours. La f\u00eate de P\u00e2ques c\u00e9l\u00e9br\u00e9e une fois par an, mais comm\u00e9mor\u00e9e chaque dimanche de l\u2019ann\u00e9e, est le sommet du centre du temps, ce sommet qui donne sens \u00e0 toute l\u2019histoire et l\u2019oriente vers son accomplissement\u00a0: le retour glorieux de notre Seigneur. D\u00e9sormais tout ce qui arrive dans le temps, tout ce qui arrivera jusqu\u2019\u00e0 la fin du monde n\u2019est qu\u2019une explicitation de ce qui est arriv\u00e9 le jour o\u00f9 le Christ mort sur la croix est ressuscit\u00e9 pour inaugurer [&hellip;]<\/p>\n","protected":false},"author":2,"featured_media":0,"parent":0,"menu_order":0,"comment_status":"closed","ping_status":"closed","template":"","meta":{"_et_pb_use_builder":"on","_et_pb_old_content":"<!-- wp:heading -->\r\n<h2>Cliquez pour acc\u00e9der \u00e0 la paroisse de:<\/h2>\r\n<!-- \/wp:heading -->\r\n\r\n<!-- wp:heading {\"level\":3} -->\r\n<h3><a href=\"https:\/\/doyennedeciney.be\/index.php\/ciney\/\">Ciney<\/a><\/h3>\r\n<!-- \/wp:heading -->\r\n\r\n<!-- wp:heading {\"level\":3} -->\r\n<h3><a href=\"https:\/\/doyennedeciney.be\/index.php\/braibant-et-halloy\/\">Braibant-Halloy<\/a><\/h3>\r\n<!-- \/wp:heading -->\r\n\r\n<!-- wp:heading {\"level\":3} -->\r\n<h3><a href=\"https:\/\/doyennedeciney.be\/index.php\/secteur-leignon-achene\">Ach\u00eane-Leignon<\/a><\/h3>\r\n<!-- \/wp:heading -->\r\n\r\n<!-- wp:heading {\"level\":3} -->\r\n<h3><a href=\"https:\/\/doyennedeciney.be\/index.php\/chevetogne-conjoux\/\">Chevetogne-Conjoux<\/a><\/h3>\r\n<!-- \/wp:heading -->\r\n\r\n<!-- wp:heading {\"level\":3} -->\r\n<h3><a href=\"https:\/\/doyennedeciney.be\/index.php\/secteur-havelange\/\">Havelange<\/a><\/h3>\r\n<!-- \/wp:heading -->\r\n\r\n<!-- wp:heading {\"level\":3} -->\r\n<h3><a href=\"https:\/\/doyennedeciney.be\/index.php\/maffe\/\">Maffe<\/a><\/h3>\r\n<!-- \/wp:heading -->\r\n\r\n<!-- wp:heading {\"level\":3} -->\r\n<h3><a href=\"https:\/\/haut-bocq.doyennedeciney.be\/\" target=\"_blank\" rel=\"noreferrer noopener\">Secteur du Haut-Bocq<\/a><\/h3>\r\n<!-- \/wp:heading -->\r\n\r\n<!-- wp:heading {\"textAlign\":\"center\"} -->\r\n<h2 class=\"has-text-align-center\"> . . . . . . . . . . . . . . . . . . . . . . . . . . . . . . . . . . . .  <\/h2>\r\n<!-- \/wp:heading -->\r\n\r\n<!-- wp:heading -->\r\n<h2>\u00ab\u00a0Nous laisser \u00e9vang\u00e9liser par l\u2019humilit\u00e9 de No\u00ebl\u00a0\u00bb\u00a0<\/h2>\r\n<!-- \/wp:heading -->\r\n\r\n<!-- wp:columns -->\r\n<div class=\"wp-block-columns\"><!-- wp:column {\"width\":\"66.66%\"} -->\r\n<div class=\"wp-block-column\" style=\"flex-basis:66.66%\"><!-- wp:paragraph -->\r\n<p>Dans ses v\u0153ux de No\u00ebl \u00e0 la Curie romaine, le pape Fran\u00e7ois se demande comment exprimer \u00ab\u00a0tout le myst\u00e8re de No\u00ebl en un seul mot\u00a0\u00bb\u00a0:\u00a0\u00a0<\/p>\r\n<!-- \/wp:paragraph -->\r\n\r\n<!-- wp:paragraph -->\r\n<p><em>\u00ab\u00a0Je crois que le mot\u00a0<\/em>humilit\u00e9<em>\u00a0serait celui qui pourrait nous aider le plus. Les \u00c9vangiles \u00e9voquent un cadre pauvre et sobre, peu propice \u00e0 l\u2019accueil d\u2019une femme sur le point de donner naissance. Et cependant le\u00a0<\/em>Roi des rois<em>\u00a0vient dans le monde non pas en attirant l'attention, mais en suscitant une myst\u00e9rieuse attraction dans le c\u0153ur de ceux qui ressentent la pr\u00e9sence bouleversante d'une nouveaut\u00e9 sur le point de changer l'histoire. C\u2019est pourquoi il me pla\u00eet de penser et de dire que\u00a0<\/em>l'humilit\u00e9 a \u00e9t\u00e9 sa porte d'entr\u00e9e et il nous invite, nous tous, \u00e0 la franchir<em>.\u00a0\u00bb\u00a0<\/em><\/p>\r\n<!-- \/wp:paragraph --><\/div>\r\n<!-- \/wp:column -->\r\n\r\n<!-- wp:column {\"verticalAlignment\":\"center\",\"width\":\"33.33%\"} -->\r\n<div class=\"wp-block-column is-vertically-aligned-center\" style=\"flex-basis:33.33%\"><!-- wp:image {\"id\":4168,\"sizeSlug\":\"full\",\"linkDestination\":\"none\"} -->\r\n<figure class=\"wp-block-image size-full\"><img src=\"https:\/\/doyennedeciney.be\/wp-content\/uploads\/2021\/12\/unnamed.jpg\" alt=\"\" class=\"wp-image-4168\"\/><\/figure>\r\n<!-- \/wp:image --><\/div>\r\n<!-- \/wp:column --><\/div>\r\n<!-- \/wp:columns -->\r\n\r\n<!-- wp:paragraph -->\r\n<p>Dans ses v\u0153ux, le pape explique que\u00a0<em>\u00ab\u00a0cette \u00e9poque semble avoir oubli\u00e9 l'humilit\u00e9, ou bien semble l'avoir simplement rel\u00e9gu\u00e9e \u00e0 une forme de moralisme, en la vidant de la force d\u00e9rangeante dont elle est dot\u00e9e.\u00a0\u00bb<\/em>\u00a0Il est vrai qu\u2019\u00a0<em>\u00ab\u00a0il n\u2019est pas facile de comprendre l\u2019humilit\u00e9. Elle est le r\u00e9sultat d\u2019un changement que l\u2019Esprit lui-m\u00eame op\u00e8re en nous \u00e0 travers l\u2019histoire que nous vivons, comme cela est arriv\u00e9 par exemple \u00e0 Naaman le Syrien,\u00a0\u00bb<\/em>\u00a0pr\u00e9cise le pape qui, \u00e0 la fin, souhaite\u00a0<em>\u00ab\u00a0de nous laisser \u00e9vang\u00e9liser par l'humilit\u00e9, par l\u2019humilit\u00e9 de No\u00ebl, par l\u2019humilit\u00e9 de la cr\u00e8che, de la pauvret\u00e9 et de ce qui est essentiel, par o\u00f9 le Fils de Dieu est entr\u00e9 dans le monde. M\u00eame les Mages, dont on peut penser qu\u2019ils \u00e9taient de condition plus ais\u00e9e que Marie et Joseph ou que les bergers de Bethl\u00e9em, se prosternent lorsqu'ils se trouvent devant l'Enfant (cf.\u00a0Mt\u00a02,11). Ils se prosternent. Ce n'est pas seulement un geste d'adoration, c'est un geste d'humilit\u00e9. Les mages se mettent au niveau de Dieu en se prosternant sur la terre nue.\u00a0\u00bb<\/em>\u00a0\u00a0<\/p>\r\n<!-- \/wp:paragraph -->\r\n\r\n<!-- wp:heading {\"level\":3} -->\r\n<h3><strong>Sainte f\u00eate de No\u00ebl \u00e0 toutes et \u00e0 tous\u00a0! Que l\u2019ann\u00e9e nouvelle soit marqu\u00e9e par la f\u00e9condit\u00e9 de l\u2019humilit\u00e9 du myst\u00e8re de No\u00ebl\u00a0!\u00a0<\/strong><\/h3>\r\n<!-- \/wp:heading -->\r\n\r\n<!-- wp:heading {\"level\":3} -->\r\n<h3><strong>Abb\u00e9 Pascal-Marie Jerumanis, votre doyen\u00a0<\/strong><\/h3>\r\n<!-- \/wp:heading -->\r\n\r\n<!-- wp:heading {\"textAlign\":\"center\"} -->\r\n<h2 class=\"has-text-align-center\"> . . . . . . . . . . . . . . . . . . . . . . . . . . . . . . . . . . . .  <\/h2>\r\n<!-- \/wp:heading -->\r\n\r\n<!-- wp:heading -->\r\n<h2><strong><em>Nouvelle traduction du missel: des changements concrets<\/em><\/strong><\/h2>\r\n<!-- \/wp:heading -->\r\n\r\n<!-- wp:columns -->\r\n<div class=\"wp-block-columns\"><!-- wp:column {\"width\":\"33.33%\"} -->\r\n<div class=\"wp-block-column\" style=\"flex-basis:33.33%\"><!-- wp:image {\"align\":\"full\",\"id\":4107,\"sizeSlug\":\"large\",\"linkDestination\":\"none\"} -->\r\n<figure class=\"wp-block-image alignfull size-large\"><img src=\"https:\/\/doyennedeciney.be\/wp-content\/uploads\/2021\/11\/Missale_Romanum-1920x1081-1-1024x577.jpg\" alt=\"\" class=\"wp-image-4107\"\/><\/figure>\r\n<!-- \/wp:image --><\/div>\r\n<!-- \/wp:column -->\r\n\r\n<!-- wp:column {\"width\":\"66.66%\"} -->\r\n<div class=\"wp-block-column\" style=\"flex-basis:66.66%\"><!-- wp:paragraph -->\r\n<p><strong>A partir de ce 28 novembre, premier dimanche de l\u2019Avent, la nouvelle\u00a0traduction\u00a0fran\u00e7aise du\u00a0missel\u00a0entre en vigueur. Qu\u2019est-ce qui change, concr\u00e8tement, pour les fid\u00e8les participant \u00e0 la messe ? Petit tour d\u2019horizon des nouveaut\u00e9s, qui doivent nous aider \u00e0 mieux vivre l\u2019eucharistie.<\/strong><br><a href=\"https:\/\/www.cathobel.be\/2021\/11\/nouvelle-traduction-du-missel-des-changements-concrets\/\" target=\"_blank\" rel=\"noreferrer noopener\">En savoir plus -><\/a><\/p>\r\n<!-- \/wp:paragraph -->\r\n\r\n<!-- wp:paragraph -->\r\n<p><\/p>\r\n<!-- \/wp:paragraph --><\/div>\r\n<!-- \/wp:column --><\/div>\r\n<!-- \/wp:columns -->\r\n\r\n<!-- wp:paragraph -->\r\n<p><\/p>\r\n<!-- \/wp:paragraph -->","_et_gb_content_width":"","footnotes":""},"class_list":["post-2192","page","type-page","status-publish","hentry"],"jetpack_shortlink":"https:\/\/wp.me\/P9rhK4-zm","jetpack-related-posts":[{"id":84,"url":"https:\/\/doyennedeciney.be\/index.php\/sovet\/","url_meta":{"origin":2192,"position":0},"title":"Sovet","author":"Pascal-Marie J\u00e9rumanis","date":"30\/10\/2017","format":false,"excerpt":"","rel":"","context":"Article similaire","block_context":{"text":"Article similaire","link":""},"img":{"alt_text":"","src":"","width":0,"height":0},"classes":[]},{"id":6143,"url":"https:\/\/doyennedeciney.be\/index.php\/leignon\/","url_meta":{"origin":2192,"position":1},"title":"Leignon","author":"Pascal-Marie J\u00e9rumanis","date":"02\/10\/2025","format":false,"excerpt":"","rel":"","context":"Article similaire","block_context":{"text":"Article similaire","link":""},"img":{"alt_text":"","src":"","width":0,"height":0},"classes":[]},{"id":2,"url":"https:\/\/doyennedeciney.be\/index.php\/ciney-2\/","url_meta":{"origin":2192,"position":2},"title":"Ciney","author":"Pascal-Marie J\u00e9rumanis","date":"27\/10\/2017","format":false,"excerpt":"","rel":"","context":"Article similaire","block_context":{"text":"Article similaire","link":""},"img":{"alt_text":"","src":"","width":0,"height":0},"classes":[]},{"id":75,"url":"https:\/\/doyennedeciney.be\/index.php\/braibant-et-halloy\/","url_meta":{"origin":2192,"position":3},"title":"Braibant et Halloy","author":"Pascal-Marie J\u00e9rumanis","date":"30\/10\/2017","format":false,"excerpt":"","rel":"","context":"Article similaire","block_context":{"text":"Article similaire","link":""},"img":{"alt_text":"","src":"","width":0,"height":0},"classes":[]},{"id":4224,"url":"https:\/\/doyennedeciney.be\/index.php\/achene-3\/","url_meta":{"origin":2192,"position":4},"title":"Ach\u00eane","author":"Pascal-Marie J\u00e9rumanis","date":"29\/12\/2021","format":false,"excerpt":"","rel":"","context":"Article similaire","block_context":{"text":"Article similaire","link":""},"img":{"alt_text":"","src":"","width":0,"height":0},"classes":[]},{"id":6164,"url":"https:\/\/doyennedeciney.be\/index.php\/chevetogne-2\/","url_meta":{"origin":2192,"position":5},"title":"Chevetogne","author":"Pascal-Marie J\u00e9rumanis","date":"03\/10\/2025","format":false,"excerpt":"","rel":"","context":"Article similaire","block_context":{"text":"Article similaire","link":""},"img":{"alt_text":"","src":"","width":0,"height":0},"classes":[]}],"jetpack_sharing_enabled":true,"_links":{"self":[{"href":"https:\/\/doyennedeciney.be\/index.php\/wp-json\/wp\/v2\/pages\/2192","targetHints":{"allow":["GET"]}}],"collection":[{"href":"https:\/\/doyennedeciney.be\/index.php\/wp-json\/wp\/v2\/pages"}],"about":[{"href":"https:\/\/doyennedeciney.be\/index.php\/wp-json\/wp\/v2\/types\/page"}],"author":[{"embeddable":true,"href":"https:\/\/doyennedeciney.be\/index.php\/wp-json\/wp\/v2\/users\/2"}],"replies":[{"embeddable":true,"href":"https:\/\/doyennedeciney.be\/index.php\/wp-json\/wp\/v2\/comments?post=2192"}],"version-history":[{"count":445,"href":"https:\/\/doyennedeciney.be\/index.php\/wp-json\/wp\/v2\/pages\/2192\/revisions"}],"predecessor-version":[{"id":6388,"href":"https:\/\/doyennedeciney.be\/index.php\/wp-json\/wp\/v2\/pages\/2192\/revisions\/6388"}],"wp:attachment":[{"href":"https:\/\/doyennedeciney.be\/index.php\/wp-json\/wp\/v2\/media?parent=2192"}],"curies":[{"name":"wp","href":"https:\/\/api.w.org\/{rel}","templated":true}]}}